{"id":23572,"date":"2024-06-03T14:55:35","date_gmt":"2024-06-03T18:55:35","guid":{"rendered":"https:\/\/wicmtl.ca\/50e-anniversaire\/"},"modified":"2025-05-14T10:44:10","modified_gmt":"2025-05-14T14:44:10","slug":"50e-anniversaire","status":"publish","type":"page","link":"https:\/\/wicmtl.ca\/fr\/50e-anniversaire\/","title":{"rendered":"50e Anniversaire"},"content":{"rendered":"<div class=\"gb-container gb-container-f7f4788b alignfull\"><div class=\"gb-inside-container\">\n\n<h1 class=\"gb-headline gb-headline-551c604e gb-headline-text\">50e Anniversaire<\/h1>\n\n<\/div><\/div>\n\n<div class=\"gb-container gb-container-b20b329b\"><div class=\"gb-inside-container\">\n\n<p class=\"has-lg-font-size\"><\/p>\n\n\n\n<div class=\"wp-block-columns is-layout-flex wp-container-core-columns-is-layout-9d6595d7 wp-block-columns-is-layout-flex\">\n<div class=\"wp-block-column is-vertically-aligned-center is-layout-flow wp-block-column-is-layout-flow\">\n<figure class=\"wp-block-image size-large is-resized\"><img loading=\"lazy\" decoding=\"async\" width=\"1024\" height=\"602\" src=\"https:\/\/wicmtl.ca\/wp-content\/uploads\/2024\/05\/WIC_50th_Anniversary_Logo_and_Slogan-e1717008307577-1024x602.png\" alt=\"\" class=\"wp-image-23498\" style=\"width:362px;height:auto\" srcset=\"https:\/\/wicmtl.ca\/wp-content\/uploads\/2024\/05\/WIC_50th_Anniversary_Logo_and_Slogan-e1717008307577-1024x602.png 1024w, https:\/\/wicmtl.ca\/wp-content\/uploads\/2024\/05\/WIC_50th_Anniversary_Logo_and_Slogan-e1717008307577-300x176.png 300w, https:\/\/wicmtl.ca\/wp-content\/uploads\/2024\/05\/WIC_50th_Anniversary_Logo_and_Slogan-e1717008307577-768x451.png 768w, https:\/\/wicmtl.ca\/wp-content\/uploads\/2024\/05\/WIC_50th_Anniversary_Logo_and_Slogan-e1717008307577-50x29.png 50w, https:\/\/wicmtl.ca\/wp-content\/uploads\/2024\/05\/WIC_50th_Anniversary_Logo_and_Slogan-e1717008307577.png 1164w\" sizes=\"auto, (max-width: 1024px) 100vw, 1024px\" \/><\/figure>\n<\/div>\n\n\n\n<div class=\"wp-block-column is-vertically-aligned-center is-layout-flow wp-block-column-is-layout-flow\">\n<p class=\"has-lg-font-size\">Joignez-vous \u00e0 nous pour c\u00e9l\u00e9brer 50 ann\u00e9es incroyables au Coll\u00e8ge de l&#8217;Ouest de l&#8217;\u00cele! Nous sommes ravis de vous pr\u00e9senter notre logo d&#8217;anniversaire sp\u00e9cial et le slogan inspirant \u00ab Ensemble vers l&#8217;avenir \u00bb. \u00c0 l&#8217;occasion de cet accomplissement, nous rendons hommage \u00e0 notre parcours de croissance et de r\u00e9ussite, ainsi qu&#8217;aux liens solides qui unissent notre communaut\u00e9. Nous vous invitons \u00e0 visionner notre vid\u00e9o officielle d&#8217;anniversaire ci-dessous pour d\u00e9couvrir notre vision des c\u00e9l\u00e9brations \u00e0 venir.<\/p>\n<\/div>\n<\/div>\n\n<\/div><\/div>\n\n<div class=\"gb-container gb-container-ced607c3 alignfull\"><div class=\"gb-inside-container\">\n\n<h2 class=\"wp-block-heading has-text-align-center\" style=\"font-size:40px;font-style:normal;font-weight:700\">Lancement de notre ann\u00e9e d&#8217;anniversaire<\/h2>\n\n\n\n<figure class=\"wp-block-embed is-type-video is-provider-youtube wp-block-embed-youtube wp-embed-aspect-16-9 wp-has-aspect-ratio\"><div class=\"wp-block-embed__wrapper\">\n<iframe loading=\"lazy\" title=\"Le Coll\u00e8ge de l&#039;Ouest de l&#039;\u00cele f\u00eate ses 50 ans!  |  WIC turns 50!\" width=\"1200\" height=\"675\" src=\"https:\/\/www.youtube.com\/embed\/qACahGpRF-s?feature=oembed\" frameborder=\"0\" allow=\"accelerometer; autoplay; clipboard-write; encrypted-media; gyroscope; picture-in-picture; web-share\" referrerpolicy=\"strict-origin-when-cross-origin\" allowfullscreen><\/iframe>\n<\/div><\/figure>\n\n\n\n<p><\/p>\n\n\n\n<h3 class=\"gb-headline gb-headline-c06d3b15 gb-headline-text\">50 ans, et plus encore<\/h3>\n\n\n\n<p class=\"has-lg-font-size\">Le Coll\u00e8ge de l&#8217;Ouest de l&#8217;\u00cele a \u00e9t\u00e9 fond\u00e9 le 4 janvier 1974 par M. Terry Davies, un \u00e9ducateur passionn\u00e9 titulaire d&#8217;une ma\u00eetrise en langue et litt\u00e9rature fran\u00e7aises de l&#8217;Universit\u00e9 McGill. Il a imagin\u00e9 une \u00e9cole bilingue qui offrirait un environnement favorable aux \u00e9l\u00e8ves en transition vers l&#8217;\u00e9cole secondaire. En louant un b\u00e2timent au 15, avenue Cartier, M. Davies a accueilli la premi\u00e8re cohorte de 40 \u00e9l\u00e8ves de Sec. 1. Guid\u00e9s par la devise \u00ab <em>Praestantiam Consectemur<\/em> \u00bb \u2014 \u00ab La poursuite de l&#8217;excellence \u00bb \u2014 il s&#8217;est lanc\u00e9, avec sa communaut\u00e9, dans une mission visant \u00e0 aider des milliers d&#8217;\u00e9l\u00e8ves \u00e0 devenir des citoyens du monde \u00e9quilibr\u00e9s. M. Davies a \u00e9t\u00e9 directeur d&#8217;\u00e9cole pendant cinq ans, puis pr\u00e9sident des \u00e9coles West Island College pendant de nombreuses ann\u00e9es.<\/p>\n\n\n\n<p>Aujourd&#8217;hui, le Coll\u00e8ge de l&#8217;Ouest de l&#8217;\u00cele, souvent surnomm\u00e9 WIC, est une organisation \u00e0 but non lucratif et une \u00e9cole ind\u00e9pendante avec une structure inclusive, abritant deux \u00e9coles distinctes sous un m\u00eame toit : une \u00e9cole fran\u00e7aise et une \u00e9cole anglaise avec un programme d&#8217;immersion en fran\u00e7ais. L&#8217;\u00e9cole s&#8217;engage \u00e0 d\u00e9velopper l&#8217;excellence personnelle, encourageant les \u00e9l\u00e8ves \u00e0 atteindre leur plein potentiel, \u00e0 d\u00e9couvrir de nouvelles passions et \u00e0 atteindre leurs objectifs \u00e0 l&#8217;int\u00e9rieur et \u00e0 l&#8217;ext\u00e9rieur de la salle de classe. <\/p>\n\n\n\n<p>Alors que nous c\u00e9l\u00e9brons notre 50e anniversaire, nous sommes fiers de notre parcours et nous anticipons avec enthousiasme les opportunit\u00e9s qui nous attendent. Tout au long de l&#8217;ann\u00e9e, cette page pr\u00e9sentera des contenus sp\u00e9ciaux mettant en valeur nos \u00e9v\u00e9nements, nos anciens \u00e9l\u00e8ves, nos enseignants, notre personnel, nos \u00e9l\u00e8ves et bien plus encore. Rejoignez-nous pour c\u00e9l\u00e9brer nos r\u00e9ussites et avancer ensemble vers l&#8217;avenir.<\/p>\n\n<\/div><\/div>\n\n<div class=\"gb-container gb-container-d498c76e\"><div class=\"gb-inside-container\">\n\n<p class=\"has-lg-font-size\"><\/p>\n\n\n\n<h2 class=\"wp-block-heading has-text-align-center\" id=\"WHAT2EXPECT\" style=\"font-size:40px;font-style:normal;font-weight:700\">\u00c9v\u00e9nements et initiatives \u00e0 venir<\/h2>\n\n\n\n<h3 class=\"gb-headline gb-headline-c7f0fada gb-headline-text\">C\u00e9l\u00e9bration du 50e anniversaire<\/h3>\n\n\n\n<p class=\"has-lg-font-size\">Joignez-vous \u00e0 nous pour une soir\u00e9e inoubliable en compagnie des membres de la communaut\u00e9 WIC afin de c\u00e9l\u00e9brer cet \u00e9v\u00e9nement marquant. La soir\u00e9e comprendra un cocktail d\u00eenatoire, une exposition du 50e anniversaire, des pr\u00e9sentations d\u2019\u00e9l\u00e8ves, un aper\u00e7u des futurs projets du Coll\u00e8ge ainsi qu\u2019une derni\u00e8re occasion de soutenir la r\u00e9novation de nos laboratoires de sciences.<\/p>\n\n\n\n<p class=\"has-lg-font-size\"><ul>&#13;\n \t<li><strong>Date<\/strong>: Jeudi 15 mai 2025<\/li>&#13;\n \t<li><strong>Heure<\/strong>: 19 h<\/li>&#13;\n \t<li><strong>Lieu<\/strong>: Golf Saint-Rapha\u00ebl (1111 Mnt de l&#8217;\u00c9glise, L&#8217;\u00cele-Bizard)<\/li>&#13;\n \t<li><strong>Code vestimentaire<\/strong>: Tenue professionnelle d\u00e9contract\u00e9e \/ d\u00e9contract\u00e9-chic<\/li>&#13;\n<\/ul>&#13;\n<em>Cet \u00e9v\u00e9nement est r\u00e9serv\u00e9 aux invit\u00e9s \u00e2g\u00e9s de 18 ans et plus. Merci de votre compr\u00e9hension.<\/em><\/p>\n\n\n<div class=\"gb-container gb-container-64d2e9d7\">\n\n<span style=\"text-decoration: underline;\"><a href=\"https:\/\/collegedelouestdelile.crowdchange.ca\/92278\" rel=\"noopener\"><b>Achetez vos billets d\u00e8s aujourd&#8217;hui !<\/b><\/a><\/span>\n\n<\/div>\n<\/div><\/div>\n\n<div class=\"gb-container gb-container-11efc245 alignfull\"><div class=\"gb-inside-container\">\n\n<h2 class=\"wp-block-heading has-text-align-center\" id=\"50YEARSOFSTORIES\" style=\"font-size:40px;font-style:normal;font-weight:700\">Message de la communaut\u00e9 WIC<\/h2>\n\n\n\n<p><\/p>\n\n\n<div class=\"gb-container gb-container-2f293c84\">\n\n<h3 class=\"gb-headline gb-headline-d9b063ce gb-headline-text\"><strong><strong>Alex Bottausci, Maire de Dollard-des-Ormeaux<\/strong><\/strong><\/h3>\n\n\n\n<p>Au nom de notre ville, je tiens \u00e0 adresser mes plus chaleureuse f\u00e9licitations au Coll\u00e8ge de l\u2019Ouest de l\u2019\u00cele \u00e0 l\u2019occasion de ses 50 ans d\u2019excellence, d\u2019engagement et de formation des leaders.<\/p>\n\n\n\n<p>Au fil des d\u00e9cennies, votre remarquable \u00e9tablissement a offert une \u00e9ducation exceptionnelle et a jou\u00e9 un r\u00f4le essentiel dans la formation de citoyens responsables, engag\u00e9s et empreints de compassion. En tant que communaut\u00e9, nous sommes extr\u00eamement fiers de vos r\u00e9alisations et profond\u00e9ment reconnaissants pour votre d\u00e9vouement constant.<\/p>\n\n\n\n<p>Votre vision et vos valeurs continuent de nous inspirer. C\u2019est avec fiert\u00e9 et une sinc\u00e8re reconnaissance que nous c\u00e9l\u00e9brons ce jalon important \u00e0 vos c\u00f4t\u00e9s.<\/p>\n\n\n\n<p><\/p>\n\n<\/div>\n\n<div class=\"gb-container gb-container-394429a4\">\n\n<p><\/p>\n\n<\/div>\n\n<div class=\"gb-container gb-container-d6bb73a8\">\n\n<h3 class=\"gb-headline gb-headline-26e36c9e gb-headline-text\"><strong><strong>Sameer Zuberi, D\u00e9put\u00e9 \u2013 Pierrefonds-Dollard<\/strong><\/strong><\/h3>\n\n\n\n<p><\/p>\n\n\n\n<p>F\u00e9licitations au Coll\u00e8ge de l&#8217;Ouest de l&#8217;\u00cele pour son 50e anniversaire!<\/p>\n\n\n\n<p>Cette \u00e9tape t\u00e9moigne d&#8217;une tradition de succ\u00e8s dans le domaine de l\u2019\u00e9ducation et d&#8217;un engagement profond envers notre jeunesse. Depuis un demi-si\u00e8cle, le Coll\u00e8ge de l&#8217;Ouest de l&#8217;\u00cele est un lieu o\u00f9 les \u00e9tudiant.e.s sont encourag\u00e9.e.s \u00e0 apprendre, \u00e0 s&#8217;\u00e9panouir et \u00e0 s&#8217;engager dans tous les aspects de la soci\u00e9t\u00e9.<\/p>\n\n\n\n<p>Merci de soutenir les g\u00e9n\u00e9rations futures et de continuer \u00e0 jouer un r\u00f4le important dans le paysage \u00e9ducatif de notre communaut\u00e9.<\/p>\n\n\n\n<p><\/p>\n\n<\/div>\n\n<div class=\"gb-container gb-container-ab5db2be\">\n\n<p><\/p>\n\n<\/div>\n\n<div class=\"gb-container gb-container-77ee8af3\">\n\n<h3 class=\"gb-headline gb-headline-658ba820 gb-headline-text\"><strong><strong>Brigitte Garceau, D\u00e9put\u00e9 de Robert-Baldwin<\/strong><\/strong><\/h3>\n\n\n<div class=\"gb-container gb-container-eca2970b\">\n\n<figure class=\"wp-block-image size-large\"><img loading=\"lazy\" decoding=\"async\" width=\"1024\" height=\"576\" src=\"https:\/\/wicmtl.ca\/wp-content\/uploads\/2025\/05\/WIC-50e-1-1024x576.jpg\" alt=\"\" class=\"wp-image-25075\" srcset=\"https:\/\/wicmtl.ca\/wp-content\/uploads\/2025\/05\/WIC-50e-1-1024x576.jpg 1024w, https:\/\/wicmtl.ca\/wp-content\/uploads\/2025\/05\/WIC-50e-1-300x169.jpg 300w, https:\/\/wicmtl.ca\/wp-content\/uploads\/2025\/05\/WIC-50e-1-768x432.jpg 768w, https:\/\/wicmtl.ca\/wp-content\/uploads\/2025\/05\/WIC-50e-1-50x28.jpg 50w, https:\/\/wicmtl.ca\/wp-content\/uploads\/2025\/05\/WIC-50e-1-1600x900.jpg 1600w, https:\/\/wicmtl.ca\/wp-content\/uploads\/2025\/05\/WIC-50e-1-1536x864.jpg 1536w, https:\/\/wicmtl.ca\/wp-content\/uploads\/2025\/05\/WIC-50e-1-2048x1152.jpg 2048w\" sizes=\"auto, (max-width: 1024px) 100vw, 1024px\" \/><\/figure>\n\n<\/div>\n<\/div>\n<\/div><\/div>\n\n<div class=\"gb-container gb-container-620bb9a7 alignfull\"><div class=\"gb-inside-container\">\n\n<h2 class=\"wp-block-heading has-text-align-center\" id=\"50YEARSOFSTORIES\" style=\"font-size:40px;font-style:normal;font-weight:700\">50 ans d&#8217;histoires<\/h2>\n\n\n\n<p>Lisez quelques moments m\u00e9morables et inspirants v\u00e9cus par des anciens \u00e9l\u00e8ves, des parents et des membres du personnel. <\/p>\n\n\n<div class=\"gb-container gb-container-57d5b4ea\">\n\n<h3 class=\"gb-headline gb-headline-0d99f15f gb-headline-text\"><strong>Patrice Nantel, Enseignant du WIC depuis 1992<\/strong><\/h3>\n\n\n<div class=\"gb-grid-wrapper gb-grid-wrapper-a4c3fa99\">\n<div class=\"gb-grid-column gb-grid-column-648afac0\"><div class=\"gb-container gb-container-648afac0\">\n\n<figure class=\"wp-block-image size-large\"><img loading=\"lazy\" decoding=\"async\" width=\"1024\" height=\"768\" src=\"https:\/\/wicmtl.ca\/wp-content\/uploads\/2024\/05\/Untitled-design-95-1024x768.png\" alt=\"\" class=\"wp-image-23517\" style=\"object-fit:cover\" srcset=\"https:\/\/wicmtl.ca\/wp-content\/uploads\/2024\/05\/Untitled-design-95-1024x768.png 1024w, https:\/\/wicmtl.ca\/wp-content\/uploads\/2024\/05\/Untitled-design-95-300x225.png 300w, https:\/\/wicmtl.ca\/wp-content\/uploads\/2024\/05\/Untitled-design-95-768x576.png 768w, https:\/\/wicmtl.ca\/wp-content\/uploads\/2024\/05\/Untitled-design-95-50x38.png 50w, https:\/\/wicmtl.ca\/wp-content\/uploads\/2024\/05\/Untitled-design-95.png 1536w\" sizes=\"auto, (max-width: 1024px) 100vw, 1024px\" \/><\/figure>\n\n<\/div><\/div>\n\n<div class=\"gb-grid-column gb-grid-column-192ab91e\"><div class=\"gb-container gb-container-192ab91e\">\n\n<p>Un des meilleurs souvenirs a eu lieu pendant un voyage d&#8217;\u00e9ducation en plein air. Nous \u00e9tions en randonn\u00e9e p\u00e9destre au Mont Marcy \u00e0 la fin octobre. En nous levant le matin dans notre abri &#8220;lean-to&#8221;, il y avait de la neige au sol\u2026 C\u2019\u00e9tait le matin de la grande randonn\u00e9e de 8 heures. Nous nous sommes pr\u00e9par\u00e9s comme pr\u00e9vu, en superposant des couches de v\u00eatements adapt\u00e9es \u00e0 la m\u00e9t\u00e9o (pluie, neige et froid). \n\n\n<\/p>\n\n<\/div><\/div>\n<\/div>\n\n\n<p>Heureusement, j\u2019avais insist\u00e9 pour que chaque \u00e9l\u00e8ve apporte sa lampe frontale. Alors, les 12 \u00e9l\u00e8ves et moi avons commenc\u00e9 la randonn\u00e9e.<\/p>\n\n\n\n<p>La randonn\u00e9e a \u00e9t\u00e9 TR\u00c8S exigeante : de la glace s\u2019\u00e9tait form\u00e9e \u00e0 plusieurs endroits et le terrain \u00e9tait glissant. La randonn\u00e9e a finalement dur\u00e9 12 heures. La r\u00e9silience, la d\u00e9termination et les efforts collectifs de tous ont permis \u00e0 chacun de se d\u00e9passer. Les \u00e9l\u00e8ves ont appris de tr\u00e8s grandes le\u00e7ons d\u2019humilit\u00e9 face \u00e0 la nature et l\u2019importance de bien se pr\u00e9parer pour une telle aventure. Je n\u2019ai jamais \u00e9t\u00e9 plus fier d\u2019un groupe d&#8217;\u00e9l\u00e8ves que lors de cette \u00e9preuve marquante.<\/p>\n\n\n<div class=\"gb-container gb-container-f3c932b5\"><\/div>\n<\/div>\n\n<div class=\"gb-container gb-container-b61558aa\">\n\n<p><\/p>\n\n<\/div>\n\n<div class=\"gb-container gb-container-f04848da\">\n\n<h3 class=\"gb-headline gb-headline-65d7fd48 gb-headline-text\"><strong>Elana Richter, ancienne \u00e9l\u00e8ve et responsable de la comptabilit\u00e9&nbsp;<\/strong><\/h3>\n\n\n<div class=\"gb-grid-wrapper gb-grid-wrapper-ea006ce1\">\n<div class=\"gb-grid-column gb-grid-column-45c72a59\"><div class=\"gb-container gb-container-45c72a59\">\n\n<figure class=\"wp-block-image size-full\"><img loading=\"lazy\" decoding=\"async\" width=\"1080\" height=\"1080\" src=\"https:\/\/wicmtl.ca\/wp-content\/uploads\/2024\/06\/Untitled-design-2024-06-12T115241.582.png\" alt=\"\" class=\"wp-image-23667\" style=\"aspect-ratio:1;object-fit:cover\" srcset=\"https:\/\/wicmtl.ca\/wp-content\/uploads\/2024\/06\/Untitled-design-2024-06-12T115241.582.png 1080w, https:\/\/wicmtl.ca\/wp-content\/uploads\/2024\/06\/Untitled-design-2024-06-12T115241.582-300x300.png 300w, https:\/\/wicmtl.ca\/wp-content\/uploads\/2024\/06\/Untitled-design-2024-06-12T115241.582-1024x1024.png 1024w, https:\/\/wicmtl.ca\/wp-content\/uploads\/2024\/06\/Untitled-design-2024-06-12T115241.582-150x150.png 150w, https:\/\/wicmtl.ca\/wp-content\/uploads\/2024\/06\/Untitled-design-2024-06-12T115241.582-768x768.png 768w, https:\/\/wicmtl.ca\/wp-content\/uploads\/2024\/06\/Untitled-design-2024-06-12T115241.582-50x50.png 50w\" sizes=\"auto, (max-width: 1080px) 100vw, 1080px\" \/><\/figure>\n\n<\/div><\/div>\n\n<div class=\"gb-grid-column gb-grid-column-90197aa1\"><div class=\"gb-container gb-container-90197aa1\">\n\n<figure class=\"wp-block-image size-large\"><img loading=\"lazy\" decoding=\"async\" width=\"1024\" height=\"768\" src=\"https:\/\/wicmtl.ca\/wp-content\/uploads\/2024\/06\/Untitled-design-100-1024x768.png\" alt=\"\" class=\"wp-image-23664\" style=\"aspect-ratio:1;object-fit:cover\" srcset=\"https:\/\/wicmtl.ca\/wp-content\/uploads\/2024\/06\/Untitled-design-100-1024x768.png 1024w, https:\/\/wicmtl.ca\/wp-content\/uploads\/2024\/06\/Untitled-design-100-300x225.png 300w, https:\/\/wicmtl.ca\/wp-content\/uploads\/2024\/06\/Untitled-design-100-768x576.png 768w, https:\/\/wicmtl.ca\/wp-content\/uploads\/2024\/06\/Untitled-design-100-50x38.png 50w, https:\/\/wicmtl.ca\/wp-content\/uploads\/2024\/06\/Untitled-design-100-1600x1200.png 1600w, https:\/\/wicmtl.ca\/wp-content\/uploads\/2024\/06\/Untitled-design-100-1536x1152.png 1536w, https:\/\/wicmtl.ca\/wp-content\/uploads\/2024\/06\/Untitled-design-100.png 2048w\" sizes=\"auto, (max-width: 1024px) 100vw, 1024px\" \/><\/figure>\n\n<\/div><\/div>\n<\/div>\n\n\n<p><\/p>\n\n\n\n<p>\u00c0 l&#8217;approche de la c\u00e9r\u00e9monie de remise des dipl\u00f4mes pour les \u00e9l\u00e8ves de la promotion 2024, je me souviens tr\u00e8s bien de ma propre remise de dipl\u00f4mes. Les toques et robes blanches et vertes, l&#8217;\u00e9nergie nerveuse et, bien s\u00fbr, la procession \u00e0 la cornemuse. Tout cela n&#8217;a pas chang\u00e9, mais beaucoup de choses ont \u00e9t\u00e9 transform\u00e9es. Le gymnase est aujourd&#8217;hui la caf\u00e9t\u00e9ria. Le b\u00e2timent de l&#8217;\u00e9cole \u00e9tait en fait seulement l&#8217;\u00e9cole junior actuelle. L&#8217;\u00e9cole comptait environ 250 \u00e9l\u00e8ves. Nos professeurs \u00e9taient des hippies et des penseurs du nouvel \u00e2ge. Nous r\u00e9digions chaque semaine des dissertations de 500 mots (\u00e0 la main). Nos uniformes \u00e9taient des tuniques vertes fonc\u00e9es. M\u00eame si nos parents signaient les contrats, les \u00e9l\u00e8ves devaient signer une promesse selon laquelle nous ferions tout ce qui est en notre pouvoir pour pratiquer et parler le fran\u00e7ais pendant notre s\u00e9jour au Coll\u00e8ge. Un engagement que j&#8217;ai pris tr\u00e8s au s\u00e9rieux et qui m&#8217;a permis de parler fran\u00e7ais jusqu&#8217;\u00e0 aujourd&#8217;hui.<\/p>\n\n\n\n<p>Qu&#8217;est-ce qui n&#8217;a pas chang\u00e9? L&#8217;enseignement exp\u00e9rientiel et les sorties, les quinzhee de neige, le voyage \u00e0 New York, les sorties dans les mus\u00e9es et les th\u00e9\u00e2tres. Les devoirs (en particulier le volume) et les \u00e9l\u00e8ves qui excellent dans leurs \u00e9tudes. Ce qui n&#8217;a pas chang\u00e9 non plus, c&#8217;est le d\u00e9vouement du personnel, dont je suis fi\u00e8re de faire partie, pour nos \u00e9l\u00e8ves et notre \u00e9cole.<\/p>\n\n\n\n<p>Je n&#8217;aurais jamais imagin\u00e9 travailler \u00e0\/pour mon Alma Mater, mais je suis l\u00e0 depuis 13 ans d\u00e9j\u00e0, et je continue \u00e0 compter&#8230; surtout parce que je suis responsable de la comptabilit\u00e9!<\/p>\n\n<\/div>\n\n<div class=\"gb-container gb-container-02014878\">\n\n<p><\/p>\n\n<\/div>\n\n<div class=\"gb-container gb-container-a30f01c3\">\n\n<h3 class=\"gb-headline gb-headline-df3f67dc gb-headline-text\"><strong>Michelle Bertrand, ancienne \u00e9l\u00e8ve et<\/strong><\/h3>\n\n\n\n<h3 class=\"gb-headline gb-headline-8fedd3e0 gb-headline-text\"><strong>membre du Conseil d&#8217;administration de la Fondation du Coll\u00e8ge <\/strong><\/h3>\n\n\n<div class=\"gb-grid-wrapper gb-grid-wrapper-996933ee\">\n<div class=\"gb-grid-column gb-grid-column-72f7954c\"><div class=\"gb-container gb-container-72f7954c\">\n\n<figure class=\"wp-block-image size-full\"><img loading=\"lazy\" decoding=\"async\" width=\"512\" height=\"384\" src=\"https:\/\/wicmtl.ca\/wp-content\/uploads\/2024\/07\/unnamed-2.png\" alt=\"\" class=\"wp-image-23696\" style=\"aspect-ratio:4\/3;object-fit:cover\" srcset=\"https:\/\/wicmtl.ca\/wp-content\/uploads\/2024\/07\/unnamed-2.png 512w, https:\/\/wicmtl.ca\/wp-content\/uploads\/2024\/07\/unnamed-2-300x225.png 300w, https:\/\/wicmtl.ca\/wp-content\/uploads\/2024\/07\/unnamed-2-50x38.png 50w\" sizes=\"auto, (max-width: 512px) 100vw, 512px\" \/><\/figure>\n\n<\/div><\/div>\n\n<div class=\"gb-grid-column gb-grid-column-09c5b114\"><div class=\"gb-container gb-container-09c5b114\">\n\n<figure class=\"wp-block-image size-full\"><img loading=\"lazy\" decoding=\"async\" width=\"512\" height=\"384\" src=\"https:\/\/wicmtl.ca\/wp-content\/uploads\/2024\/07\/Michelle-Bertrand_Class-of-92-Reunion.jpg\" alt=\"\" class=\"wp-image-23698\" style=\"aspect-ratio:4\/3;object-fit:cover\" srcset=\"https:\/\/wicmtl.ca\/wp-content\/uploads\/2024\/07\/Michelle-Bertrand_Class-of-92-Reunion.jpg 512w, https:\/\/wicmtl.ca\/wp-content\/uploads\/2024\/07\/Michelle-Bertrand_Class-of-92-Reunion-300x225.jpg 300w, https:\/\/wicmtl.ca\/wp-content\/uploads\/2024\/07\/Michelle-Bertrand_Class-of-92-Reunion-50x38.jpg 50w\" sizes=\"auto, (max-width: 512px) 100vw, 512px\" \/><\/figure>\n\n<\/div><\/div>\n<\/div>\n\n\n<p><\/p>\n\n\n\n<p>Pour moi, l&#8217;\u00e9cole secondaire a \u00e9t\u00e9 pleine d&#8217;aventures! Le point culminant a \u00e9t\u00e9 l\u2019\u00e9cole en mer \u201cClass Afloat\u201d 5e secondaire, mais mon d\u00e9sir de d\u00e9couvrir et d&#8217;exp\u00e9rimenter le monde a \u00e9t\u00e9 \u00e9veill\u00e9 par les nombreux voyages d&#8217;\u00e9ducation en plein air que j&#8217;ai effectu\u00e9s avec la classe de 92. Ces formidables escapades en plein air ont fait na\u00eetre en moi une confiance et une curiosit\u00e9 qu&#8217;on ne retrouve dans aucune autre activit\u00e9 scolaire. Qui aurait pu r\u00eaver d&#8217;une meilleure salle de classe que la nature et des d\u00e9fis tels que l&#8217;escalade, le camping dans un igloo ou le portage? Il y a trop de moments amusants \u00e0 mentionner, mais la compagnie de mes camarades de classe et de mes professeurs est certainement ce qui reste grav\u00e9 dans mon c\u0153ur. \n<\/p>\n\n\n\n<p>Les revoir si nombreux 30 ans plus tard \u00e0 l&#8217;occasion de notre \u00e9v\u00e9nement de retrouvailles n&#8217;\u00e9tait rien de moins qu&#8217;extraordinaire! La joie de se red\u00e9couvrir les uns les autres apr\u00e8s avoir trac\u00e9 nos propres chemins a vraiment fait chaud au c\u0153ur. Nous nous sommes r\u00e9unis, avons partag\u00e9 des histoires et revu d&#8217;anciennes versions de nous-m\u00eames. L&#8217;esprit d&#8217;\u00e9cole et la camaraderie qui ont caract\u00e9ris\u00e9 notre s\u00e9jour \u00e9taient toujours palpables, comme si le temps n&#8217;avait pas pass\u00e9. C&#8217;\u00e9tait un beau rappel de l&#8217;impact durable de notre passage au WIC, qui a fait de nous les individus remarquables que nous sommes aujourd&#8217;hui.  Bravo au WIC pour ses 50 ans d&#8217;enseignement d\u00e9vou\u00e9! <\/p>\n\n\n<div class=\"gb-container gb-container-9e515149\"><\/div>\n<\/div>\n<\/div><\/div>\n\n<div class=\"gb-container gb-container-886f1fc5\"><div class=\"gb-inside-container\">\n\n<p class=\"has-lg-font-size\"><\/p>\n\n\n\n<h2 class=\"wp-block-heading has-text-align-center\" id=\"ANNIVERSARYNEWS\" style=\"font-size:40px;font-style:normal;font-weight:700\">Nouvelles du 50e anniversaire<\/h2>\n\n\n<div class=\"gb-container gb-container-1bdc3a99\">\n\n<p class=\"has-lg-font-size\">D\u00e9couvrez des nouvelles en lien avec notre 50e anniversaire!<\/p>\n\n<\/div>\n\n<div class=\"gb-container gb-container-60760eb5\">\n<div class=\"gb-grid-wrapper gb-grid-wrapper-09cbd5e0\">\n<div class=\"gb-grid-column gb-grid-column-9b88621e\"><div class=\"gb-container gb-container-9b88621e\">\n\n<figure class=\"wp-block-image size-large\"><img loading=\"lazy\" decoding=\"async\" width=\"1024\" height=\"649\" src=\"https:\/\/wicmtl.ca\/wp-content\/uploads\/2024\/06\/PBL-WICFridayNightLiveMay2024-10046-2-1024x649.jpg\" alt=\"\" class=\"wp-image-23539\" srcset=\"https:\/\/wicmtl.ca\/wp-content\/uploads\/2024\/06\/PBL-WICFridayNightLiveMay2024-10046-2-1024x649.jpg 1024w, https:\/\/wicmtl.ca\/wp-content\/uploads\/2024\/06\/PBL-WICFridayNightLiveMay2024-10046-2-300x190.jpg 300w, https:\/\/wicmtl.ca\/wp-content\/uploads\/2024\/06\/PBL-WICFridayNightLiveMay2024-10046-2-768x486.jpg 768w, https:\/\/wicmtl.ca\/wp-content\/uploads\/2024\/06\/PBL-WICFridayNightLiveMay2024-10046-2-50x32.jpg 50w, https:\/\/wicmtl.ca\/wp-content\/uploads\/2024\/06\/PBL-WICFridayNightLiveMay2024-10046-2-1600x1013.jpg 1600w, https:\/\/wicmtl.ca\/wp-content\/uploads\/2024\/06\/PBL-WICFridayNightLiveMay2024-10046-2-1536x973.jpg 1536w, https:\/\/wicmtl.ca\/wp-content\/uploads\/2024\/06\/PBL-WICFridayNightLiveMay2024-10046-2-2048x1297.jpg 2048w\" sizes=\"auto, (max-width: 1024px) 100vw, 1024px\" \/><\/figure>\n\n<\/div><\/div>\n\n<div class=\"gb-grid-column gb-grid-column-36910dc4\"><div class=\"gb-container gb-container-36910dc4\">\n\n<p>Nous sommes tr\u00e8s heureux d&#8217;annoncer que nous avons commenc\u00e9 \u00e0 vendre des produits du 50e anniversaire lors de notre \u00e9v\u00e9nement de la soir\u00e9e-b\u00e9n\u00e9fice Friday Night Live!<\/p>\n\n\n\n<p>Si vous \u00eates int\u00e9ress\u00e9s, contactez l&#8217;\u00e9quipe de la Fondation du Coll\u00e8ge <a href=\"mailto:wicfoundation@wicmt.ca.\">par courriel<\/a>. wicfoundation@wicmt.ca.<\/p>\n\n<\/div><\/div>\n<\/div>\n<\/div>\n<\/div><\/div>\n\n\n<p><\/p>\n","protected":false},"excerpt":{"rendered":"<p>50e Anniversaire Joignez-vous \u00e0 nous pour c\u00e9l\u00e9brer 50 ann\u00e9es incroyables au Coll\u00e8ge de l&#8217;Ouest de l&#8217;\u00cele! Nous sommes ravis de vous pr\u00e9senter notre logo d&#8217;anniversaire sp\u00e9cial et le slogan inspirant \u00ab Ensemble vers l&#8217;avenir \u00bb. \u00c0 l&#8217;occasion de cet accomplissement, nous rendons hommage \u00e0 notre parcours de croissance et de r\u00e9ussite, ainsi qu&#8217;aux liens solides &#8230; <a title=\"50e Anniversaire\" class=\"read-more\" href=\"https:\/\/wicmtl.ca\/fr\/50e-anniversaire\/\" aria-label=\"En savoir plus sur 50e Anniversaire\">Lire plus<\/a><\/p>\n","protected":false},"author":13,"featured_media":0,"parent":0,"menu_order":0,"comment_status":"closed","ping_status":"closed","template":"","meta":{"_themeisle_gutenberg_block_has_review":false,"footnotes":""},"class_list":["post-23572","page","type-page","status-publish"],"_links":{"self":[{"href":"https:\/\/wicmtl.ca\/fr\/wp-json\/wp\/v2\/pages\/23572","targetHints":{"allow":["GET"]}}],"collection":[{"href":"https:\/\/wicmtl.ca\/fr\/wp-json\/wp\/v2\/pages"}],"about":[{"href":"https:\/\/wicmtl.ca\/fr\/wp-json\/wp\/v2\/types\/page"}],"author":[{"embeddable":true,"href":"https:\/\/wicmtl.ca\/fr\/wp-json\/wp\/v2\/users\/13"}],"replies":[{"embeddable":true,"href":"https:\/\/wicmtl.ca\/fr\/wp-json\/wp\/v2\/comments?post=23572"}],"version-history":[{"count":21,"href":"https:\/\/wicmtl.ca\/fr\/wp-json\/wp\/v2\/pages\/23572\/revisions"}],"predecessor-version":[{"id":25079,"href":"https:\/\/wicmtl.ca\/fr\/wp-json\/wp\/v2\/pages\/23572\/revisions\/25079"}],"wp:attachment":[{"href":"https:\/\/wicmtl.ca\/fr\/wp-json\/wp\/v2\/media?parent=23572"}],"curies":[{"name":"wp","href":"https:\/\/api.w.org\/{rel}","templated":true}]}}