{"id":19605,"date":"2022-07-05T19:37:16","date_gmt":"2022-07-05T23:37:16","guid":{"rendered":"https:\/\/wicmtl.ca\/vie-scolaire\/la-sante-et-le-bien-etre\/"},"modified":"2026-03-27T10:30:46","modified_gmt":"2026-03-27T14:30:46","slug":"la-sante-et-le-bien-etre","status":"publish","type":"page","link":"https:\/\/wicmtl.ca\/fr\/vie-scolaire\/la-sante-et-le-bien-etre\/","title":{"rendered":"La sant\u00e9 et le bien-\u00eatre"},"content":{"rendered":"\n<div class=\"wp-block-group is-layout-flow wp-block-group-is-layout-flow\"><div class=\"gb-container gb-container-e8aca88c alignfull\"><div class=\"gb-inside-container\">\n\n<h1 class=\"gb-headline gb-headline-e395bb1c gb-headline-text\">La sant\u00e9 et le bien-\u00eatre<\/h1>\n\n<\/div><\/div>\n\n\n<div class=\"wp-block-cover alignfull is-light rounded\"><img loading=\"lazy\" decoding=\"async\" width=\"1280\" height=\"617\" class=\"wp-block-cover__image-background wp-image-940\" alt=\"\" src=\"https:\/\/wicmtl.ca\/wp-content\/uploads\/2022\/06\/balance-1.jpeg\" data-object-fit=\"cover\" srcset=\"https:\/\/wicmtl.ca\/wp-content\/uploads\/2022\/06\/balance-1.jpeg 1280w, https:\/\/wicmtl.ca\/wp-content\/uploads\/2022\/06\/balance-1-300x145.jpeg 300w, https:\/\/wicmtl.ca\/wp-content\/uploads\/2022\/06\/balance-1-1024x494.jpeg 1024w, https:\/\/wicmtl.ca\/wp-content\/uploads\/2022\/06\/balance-1-768x370.jpeg 768w\" sizes=\"auto, (max-width: 1280px) 100vw, 1280px\" \/><span aria-hidden=\"true\" class=\"wp-block-cover__background has-background-dim-40 has-background-dim\"><\/span><div class=\"wp-block-cover__inner-container is-layout-flow wp-block-cover-is-layout-flow\">\n<div class=\"wp-block-group is-layout-constrained wp-container-core-group-is-layout-7a8ecd1d wp-block-group-is-layout-constrained\">\n<div class=\"wp-block-group is-vertical is-layout-flex wp-container-core-group-is-layout-8cf370e7 wp-block-group-is-layout-flex\">\n<div class=\"wp-block-buttons is-layout-flex wp-block-buttons-is-layout-flex\"><\/div>\n<\/div>\n<\/div>\n<\/div><\/div>\n\n\n<div class=\"gb-container gb-container-e9e3e74d\"><div class=\"gb-inside-container\">\n\n<div class=\"wp-block-columns is-layout-flex wp-container-core-columns-is-layout-9d6595d7 wp-block-columns-is-layout-flex\">\n<div class=\"wp-block-column is-layout-flow wp-block-column-is-layout-flow\">\n<figure class=\"wp-block-image size-full has-custom-border\"><img loading=\"lazy\" decoding=\"async\" width=\"2048\" height=\"1365\" src=\"https:\/\/wicmtl.ca\/wp-content\/uploads\/2022\/06\/iStock-1003578766-2048x1365-2.jpeg\" alt=\"\" class=\"wp-image-975\" style=\"border-radius:5px\" srcset=\"https:\/\/wicmtl.ca\/wp-content\/uploads\/2022\/06\/iStock-1003578766-2048x1365-2.jpeg 2048w, https:\/\/wicmtl.ca\/wp-content\/uploads\/2022\/06\/iStock-1003578766-2048x1365-2-300x200.jpeg 300w, https:\/\/wicmtl.ca\/wp-content\/uploads\/2022\/06\/iStock-1003578766-2048x1365-2-1024x683.jpeg 1024w, https:\/\/wicmtl.ca\/wp-content\/uploads\/2022\/06\/iStock-1003578766-2048x1365-2-768x512.jpeg 768w, https:\/\/wicmtl.ca\/wp-content\/uploads\/2022\/06\/iStock-1003578766-2048x1365-2-1600x1066.jpeg 1600w, https:\/\/wicmtl.ca\/wp-content\/uploads\/2022\/06\/iStock-1003578766-2048x1365-2-1536x1024.jpeg 1536w\" sizes=\"auto, (max-width: 2048px) 100vw, 2048px\" \/><\/figure>\n\n\n\n<h2 class=\"gb-headline gb-headline-04bde2b5 gb-headline-text\">Sant\u00e9 Physique<\/h2>\n\n\n\n<p>Le Coll\u00e8ge de l\u2019Ouest de l\u2019\u00cele s\u2019engage \u00e0 faire de la sant\u00e9 et du bien-\u00eatre de ses \u00e9l\u00e8ves une priorit\u00e9 absolue. Notre infirmi\u00e8re scolaire offre une \u00e9ducation, des soins et un soutien complets \u00e0 l\u2019ensemble de notre population \u00e9tudiante. En collaboration avec l\u2019\u00e9quipe de bien-\u00eatre et des partenaires communautaires, elle fournit un accompagnement aux \u00e9l\u00e8ves et \u00e0 leurs familles en mati\u00e8re de sant\u00e9 et de bien-\u00eatre.<\/p>\n\n\n\n<p>Que ce soit en classe ou \u00e0 travers des kiosques interactifs, des ateliers informatifs et dynamiques sur des sujets tels que la nutrition, la sant\u00e9 sexuelle et les enjeux de sant\u00e9 chez les adolescents sont propos\u00e9s \u00e0 tous les niveaux.<\/p>\n\n\n\n<p>Que vous ayez une question de sant\u00e9, besoin de conseils ou de soins, l\u2019infirmi\u00e8re est l\u00e0 pour vous soutenir avec compassion et professionnalisme.<\/p>\n\n\n\n<div class=\"wp-block-columns is-layout-flex wp-container-core-columns-is-layout-9d6595d7 wp-block-columns-is-layout-flex\">\n<div class=\"wp-block-column is-layout-flow wp-block-column-is-layout-flow\" style=\"flex-basis:100px\">\n<figure class=\"wp-block-image size-large size-full\"><img loading=\"lazy\" decoding=\"async\" width=\"2560\" height=\"2560\" src=\"https:\/\/wicmtl.ca\/wp-content\/uploads\/2025\/12\/Vanessa-Pacheco-edited-scaled.jpg\" alt=\"\" class=\"wp-image-26035\" style=\"aspect-ratio:1;object-fit:cover\" srcset=\"https:\/\/wicmtl.ca\/wp-content\/uploads\/2025\/12\/Vanessa-Pacheco-edited-scaled.jpg 2560w, https:\/\/wicmtl.ca\/wp-content\/uploads\/2025\/12\/Vanessa-Pacheco-edited-300x300.jpg 300w, https:\/\/wicmtl.ca\/wp-content\/uploads\/2025\/12\/Vanessa-Pacheco-edited-1024x1024.jpg 1024w, https:\/\/wicmtl.ca\/wp-content\/uploads\/2025\/12\/Vanessa-Pacheco-edited-150x150.jpg 150w, https:\/\/wicmtl.ca\/wp-content\/uploads\/2025\/12\/Vanessa-Pacheco-edited-768x768.jpg 768w, https:\/\/wicmtl.ca\/wp-content\/uploads\/2025\/12\/Vanessa-Pacheco-edited-50x50.jpg 50w, https:\/\/wicmtl.ca\/wp-content\/uploads\/2025\/12\/Vanessa-Pacheco-edited-1600x1601.jpg 1600w, https:\/\/wicmtl.ca\/wp-content\/uploads\/2025\/12\/Vanessa-Pacheco-edited-1536x1536.jpg 1536w, https:\/\/wicmtl.ca\/wp-content\/uploads\/2025\/12\/Vanessa-Pacheco-edited-2048x2048.jpg 2048w\" sizes=\"auto, (max-width: 2560px) 100vw, 2560px\" \/><\/figure>\n<\/div>\n\n\n\n<div class=\"wp-block-column is-layout-flow wp-block-column-is-layout-flow\" style=\"flex-basis:66.66%\">\n<p class=\"gb-headline gb-headline-8bab8aa3 gb-headline-text\"><strong>Vanessa Pacheco <\/strong>\r\nInfirmi\u00e8re scolaire<\/p>\n\n\n\n<p><a href=\"mailto:bwilliams@wicmtl.ca\"><strong>wicmed@wicmtl.ca<\/strong><\/a><\/p>\n<\/div>\n<\/div>\n<\/div>\n\n\n\n<div class=\"wp-block-column is-layout-flow wp-block-column-is-layout-flow\">\n<figure class=\"wp-block-image size-full has-custom-border\"><img loading=\"lazy\" decoding=\"async\" width=\"2048\" height=\"1367\" src=\"https:\/\/wicmtl.ca\/wp-content\/uploads\/2022\/06\/iStock-1095960614-2048x1367-2-e1657374115912.jpeg\" alt=\"\" class=\"wp-image-977\" style=\"border-radius:5px\" srcset=\"https:\/\/wicmtl.ca\/wp-content\/uploads\/2022\/06\/iStock-1095960614-2048x1367-2-e1657374115912.jpeg 2048w, https:\/\/wicmtl.ca\/wp-content\/uploads\/2022\/06\/iStock-1095960614-2048x1367-2-e1657374115912-300x200.jpeg 300w, https:\/\/wicmtl.ca\/wp-content\/uploads\/2022\/06\/iStock-1095960614-2048x1367-2-e1657374115912-1024x684.jpeg 1024w, https:\/\/wicmtl.ca\/wp-content\/uploads\/2022\/06\/iStock-1095960614-2048x1367-2-e1657374115912-768x513.jpeg 768w, https:\/\/wicmtl.ca\/wp-content\/uploads\/2022\/06\/iStock-1095960614-2048x1367-2-e1657374115912-1600x1068.jpeg 1600w, https:\/\/wicmtl.ca\/wp-content\/uploads\/2022\/06\/iStock-1095960614-2048x1367-2-e1657374115912-1536x1025.jpeg 1536w\" sizes=\"auto, (max-width: 2048px) 100vw, 2048px\" \/><\/figure>\n\n\n\n<h2 class=\"gb-headline gb-headline-5973f4f4 gb-headline-text\"><strong>Soutien psychosocial<\/strong><\/h2>\n\n\n\n<p>Les conseill\u00e8res scolaires du COI soutiennent les besoins \u00e9motionnels, sociaux et psychologiques des \u00e9l\u00e8ves en fournissant des conseils individuels, des ateliers en classe et des initiatives \u00e0 l&#8217;\u00e9chelle de l&#8217;\u00e9cole. Nous nous engageons \u00e0 soutenir le d\u00e9veloppement \u00e9motionnel et social de chaque \u00e9l\u00e8ve et nous sommes disponibles pour offrir de l\u2019accompagnement, des ressources et une oreille attentive afin d&#8217;aider les \u00e9l\u00e8ves \u00e0 naviguer leur parcours \u00e9ducatif et leur d\u00e9veloppement personnel. Par l\u2019entremise d\u2019un environnement s\u00fbr et positif, nous visons \u00e0 soutenir l\u2019\u00e9panouissement de l\u2019\u00e9l\u00e8ve sous toutes ses formes. <\/p>\n\n\n\n<p>Pour plus d\u2019informations, n\u2019h\u00e9sitez pas \u00e0 consulter <strong><a href=\"https:\/\/drive.google.com\/file\/d\/1O-5HgjrvBYrwlVPaRmVKN0VOYeO4epV2\/view\" rel=\"noopener\">ce document <\/a><\/strong>\u00a0contenant des questions fr\u00e9quemment pos\u00e9es sur le r\u00f4le des conseillers scolaires, et n\u2019h\u00e9sitez pas \u00e0 nous contacter.<\/p>\n\n\n\n<div class=\"wp-block-columns is-layout-flex wp-container-core-columns-is-layout-9d6595d7 wp-block-columns-is-layout-flex\">\n<div class=\"wp-block-column is-layout-flow wp-block-column-is-layout-flow\" style=\"flex-basis:100px\">\n<figure class=\"wp-block-image size-large is-resized size-full\"><img loading=\"lazy\" decoding=\"async\" width=\"731\" height=\"1024\" src=\"https:\/\/wicmtl.ca\/wp-content\/uploads\/2024\/09\/Rheaume-Anne-Marie-1-731x1024.jpg\" alt=\"\" class=\"wp-image-24008\" style=\"aspect-ratio:1;object-fit:cover;width:100px\" srcset=\"https:\/\/wicmtl.ca\/wp-content\/uploads\/2024\/09\/Rheaume-Anne-Marie-1-731x1024.jpg 731w, https:\/\/wicmtl.ca\/wp-content\/uploads\/2024\/09\/Rheaume-Anne-Marie-1-214x300.jpg 214w, https:\/\/wicmtl.ca\/wp-content\/uploads\/2024\/09\/Rheaume-Anne-Marie-1-768x1075.jpg 768w, https:\/\/wicmtl.ca\/wp-content\/uploads\/2024\/09\/Rheaume-Anne-Marie-1-50x70.jpg 50w, https:\/\/wicmtl.ca\/wp-content\/uploads\/2024\/09\/Rheaume-Anne-Marie-1.jpg 800w\" sizes=\"auto, (max-width: 731px) 100vw, 731px\" \/><\/figure>\n<\/div>\n\n\n\n<div class=\"wp-block-column is-layout-flow wp-block-column-is-layout-flow\" style=\"flex-basis:66.66%\">\n<p class=\"gb-headline gb-headline-1c621a5c gb-headline-text\"><strong>Anne-Marie Rh\u00e9aume<\/strong>\r\nConseill\u00e8re, \u00e9cole junior\r\n<a href=\"mailto:amrheaume@wicmtl.ca\"><strong>amrheaume@wicmtl.ca<\/strong><\/a><\/p>\n<\/div>\n<\/div>\n\n\n\n<div class=\"wp-block-columns is-layout-flex wp-container-core-columns-is-layout-9d6595d7 wp-block-columns-is-layout-flex\">\n<div class=\"wp-block-column is-layout-flow wp-block-column-is-layout-flow\" style=\"flex-basis:100px\">\n<figure class=\"wp-block-image size-large is-resized size-full\"><img loading=\"lazy\" decoding=\"async\" width=\"731\" height=\"1024\" src=\"https:\/\/wicmtl.ca\/wp-content\/uploads\/2024\/09\/GARCIA-FONTAINE-ANGELA-1-731x1024.jpg\" alt=\"\" class=\"wp-image-24016\" style=\"aspect-ratio:1;object-fit:cover;width:100px\" srcset=\"https:\/\/wicmtl.ca\/wp-content\/uploads\/2024\/09\/GARCIA-FONTAINE-ANGELA-1-731x1024.jpg 731w, https:\/\/wicmtl.ca\/wp-content\/uploads\/2024\/09\/GARCIA-FONTAINE-ANGELA-1-214x300.jpg 214w, https:\/\/wicmtl.ca\/wp-content\/uploads\/2024\/09\/GARCIA-FONTAINE-ANGELA-1-768x1075.jpg 768w, https:\/\/wicmtl.ca\/wp-content\/uploads\/2024\/09\/GARCIA-FONTAINE-ANGELA-1-50x70.jpg 50w, https:\/\/wicmtl.ca\/wp-content\/uploads\/2024\/09\/GARCIA-FONTAINE-ANGELA-1.jpg 800w\" sizes=\"auto, (max-width: 731px) 100vw, 731px\" \/><\/figure>\n<\/div>\n\n\n\n<div class=\"wp-block-column is-layout-flow wp-block-column-is-layout-flow\" style=\"flex-basis:66.66%\">\n<p class=\"gb-headline gb-headline-9000c992 gb-headline-text\"><strong>Angela Garcia-Fontaine<\/strong>\r\nConseill\u00e8re, \u00e9cole senior\r\n<a href=\"mailto:agarcia@wicmtl.ca\"><strong>agarcia@wicmtl.ca<\/strong><\/a><\/p>\n<\/div>\n<\/div>\n<\/div>\n\n\n\n<div class=\"wp-block-column is-layout-flow wp-block-column-is-layout-flow\">\n<figure class=\"wp-block-image size-full has-custom-border\"><img loading=\"lazy\" decoding=\"async\" width=\"2048\" height=\"1365\" src=\"https:\/\/wicmtl.ca\/wp-content\/uploads\/2022\/06\/iStock-1033164992-2048x1365-2.jpeg\" alt=\"\" class=\"wp-image-976\" style=\"border-radius:5px\" srcset=\"https:\/\/wicmtl.ca\/wp-content\/uploads\/2022\/06\/iStock-1033164992-2048x1365-2.jpeg 2048w, https:\/\/wicmtl.ca\/wp-content\/uploads\/2022\/06\/iStock-1033164992-2048x1365-2-300x200.jpeg 300w, https:\/\/wicmtl.ca\/wp-content\/uploads\/2022\/06\/iStock-1033164992-2048x1365-2-1024x683.jpeg 1024w, https:\/\/wicmtl.ca\/wp-content\/uploads\/2022\/06\/iStock-1033164992-2048x1365-2-768x512.jpeg 768w, https:\/\/wicmtl.ca\/wp-content\/uploads\/2022\/06\/iStock-1033164992-2048x1365-2-1600x1066.jpeg 1600w, https:\/\/wicmtl.ca\/wp-content\/uploads\/2022\/06\/iStock-1033164992-2048x1365-2-1536x1024.jpeg 1536w\" sizes=\"auto, (max-width: 2048px) 100vw, 2048px\" \/><\/figure>\n\n\n\n<h2 class=\"gb-headline gb-headline-a07fc8a8 gb-headline-text\">Soutien acad\u00e9mique<\/h2>\n\n\n\n<p class=\"has-lg-font-size\">La responsable du soutien aux \u00e9leves et l\u2019orthop\u00e9dagogue ont pour mission d\u2019aider les \u00e9l\u00e8ves \u00e0 atteindre leur potentiel acad\u00e9mique. Elles favorisent un environnement d\u2019apprentissage collaboratif et positif pour les \u00e9l\u00e8ves. Ce faisant, elles soutiennent et prennent en compte les \u00e9l\u00e8ves du COI pr\u00e9sentant des diff\u00e9rences d\u2019apprentissage ou des besoins sp\u00e9cifiques, tout en collaborant avec les enseignants, les parents et le personnel de soutien pour mettre en \u0153uvre des strat\u00e9gies visant \u00e0 am\u00e9liorer la r\u00e9ussite scolaire.<\/p>\n\n\n\n<p>Pour plus d\u2019informations sur la fa\u00e7on dont nous pouvons soutenir les besoins d\u2019apprentissage de votre enfant, n\u2019h\u00e9sitez pas \u00e0 les contacter.<\/p>\n\n\n\n<div class=\"wp-block-columns is-layout-flex wp-container-core-columns-is-layout-9d6595d7 wp-block-columns-is-layout-flex\">\n<div class=\"wp-block-column is-layout-flow wp-block-column-is-layout-flow\" style=\"flex-basis:100px\">\n<figure class=\"wp-block-image size-large is-resized size-full\"><img loading=\"lazy\" decoding=\"async\" width=\"731\" height=\"1024\" src=\"https:\/\/wicmtl.ca\/wp-content\/uploads\/2024\/09\/Sadeh-Tara-1-731x1024.jpg\" alt=\"\" class=\"wp-image-24004\" style=\"aspect-ratio:1;object-fit:cover;width:100px\" srcset=\"https:\/\/wicmtl.ca\/wp-content\/uploads\/2024\/09\/Sadeh-Tara-1-731x1024.jpg 731w, https:\/\/wicmtl.ca\/wp-content\/uploads\/2024\/09\/Sadeh-Tara-1-214x300.jpg 214w, https:\/\/wicmtl.ca\/wp-content\/uploads\/2024\/09\/Sadeh-Tara-1-768x1075.jpg 768w, https:\/\/wicmtl.ca\/wp-content\/uploads\/2024\/09\/Sadeh-Tara-1-50x70.jpg 50w, https:\/\/wicmtl.ca\/wp-content\/uploads\/2024\/09\/Sadeh-Tara-1.jpg 800w\" sizes=\"auto, (max-width: 731px) 100vw, 731px\" \/><\/figure>\n<\/div>\n\n\n\n<div class=\"wp-block-column is-layout-flow wp-block-column-is-layout-flow\" style=\"flex-basis:66.66%\">\n<p class=\"gb-headline gb-headline-69aae22b gb-headline-text\"><strong>Tara Sadeh<\/strong>\r\nSp\u00e9cialiste du soutien aux \u00e9l\u00e8ves<\/p>\n\n\n\n<p><a href=\"mailto:tsadeh@wicmtl.ca\"><strong>tsadeh@wicmtl.ca<\/strong><\/a><\/p>\n<\/div>\n<\/div>\n\n\n\n<div class=\"wp-block-columns is-layout-flex wp-container-core-columns-is-layout-9d6595d7 wp-block-columns-is-layout-flex\">\n<div class=\"wp-block-column is-layout-flow wp-block-column-is-layout-flow\" style=\"flex-basis:100px\">\n<figure class=\"wp-block-image size-large is-resized size-full\"><img loading=\"lazy\" decoding=\"async\" width=\"683\" height=\"1024\" src=\"https:\/\/wicmtl.ca\/wp-content\/uploads\/2025\/09\/Karol-Harati-1-683x1024.jpg\" alt=\"\" class=\"wp-image-25613\" style=\"aspect-ratio:1;object-fit:cover;width:100px\" srcset=\"https:\/\/wicmtl.ca\/wp-content\/uploads\/2025\/09\/Karol-Harati-1-683x1024.jpg 683w, https:\/\/wicmtl.ca\/wp-content\/uploads\/2025\/09\/Karol-Harati-1-200x300.jpg 200w, https:\/\/wicmtl.ca\/wp-content\/uploads\/2025\/09\/Karol-Harati-1-768x1152.jpg 768w, https:\/\/wicmtl.ca\/wp-content\/uploads\/2025\/09\/Karol-Harati-1-50x75.jpg 50w, https:\/\/wicmtl.ca\/wp-content\/uploads\/2025\/09\/Karol-Harati-1-1600x2400.jpg 1600w, https:\/\/wicmtl.ca\/wp-content\/uploads\/2025\/09\/Karol-Harati-1-1024x1536.jpg 1024w, https:\/\/wicmtl.ca\/wp-content\/uploads\/2025\/09\/Karol-Harati-1-1365x2048.jpg 1365w, https:\/\/wicmtl.ca\/wp-content\/uploads\/2025\/09\/Karol-Harati-1-scaled.jpg 1707w\" sizes=\"auto, (max-width: 683px) 100vw, 683px\" \/><\/figure>\n<\/div>\n\n\n\n<div class=\"wp-block-column is-layout-flow wp-block-column-is-layout-flow\" style=\"flex-basis:66.66%\">\n<p class=\"gb-headline gb-headline-2a33493e gb-headline-text\"><strong>Karol Al Harati <\/strong>\r\nOrthop\u00e9dagogue<\/p>\n\n\n\n<p><a href=\"mailto:kharati@wicmtl.ca\"><strong>kharati@wicmtl.ca<\/strong><\/a><\/p>\n<\/div>\n<\/div>\n\n\n\n<div class=\"wp-block-columns is-layout-flex wp-container-core-columns-is-layout-9d6595d7 wp-block-columns-is-layout-flex\">\n<div class=\"wp-block-column is-layout-flow wp-block-column-is-layout-flow\" style=\"flex-basis:100px\">\n<figure class=\"wp-block-image size-large is-resized\"><img loading=\"lazy\" decoding=\"async\" width=\"881\" height=\"1024\" src=\"https:\/\/wicmtl.ca\/wp-content\/uploads\/2024\/09\/New-Staff-Heashots-2024-1-881x1024.png\" alt=\"\" class=\"wp-image-24024\" style=\"aspect-ratio:1;object-fit:cover;width:100px\" srcset=\"https:\/\/wicmtl.ca\/wp-content\/uploads\/2024\/09\/New-Staff-Heashots-2024-1-881x1024.png 881w, https:\/\/wicmtl.ca\/wp-content\/uploads\/2024\/09\/New-Staff-Heashots-2024-1-258x300.png 258w, https:\/\/wicmtl.ca\/wp-content\/uploads\/2024\/09\/New-Staff-Heashots-2024-1-768x893.png 768w, https:\/\/wicmtl.ca\/wp-content\/uploads\/2024\/09\/New-Staff-Heashots-2024-1-50x58.png 50w, https:\/\/wicmtl.ca\/wp-content\/uploads\/2024\/09\/New-Staff-Heashots-2024-1-1600x1860.png 1600w, https:\/\/wicmtl.ca\/wp-content\/uploads\/2024\/09\/New-Staff-Heashots-2024-1-1321x1536.png 1321w, https:\/\/wicmtl.ca\/wp-content\/uploads\/2024\/09\/New-Staff-Heashots-2024-1-1762x2048.png 1762w\" sizes=\"auto, (max-width: 881px) 100vw, 881px\" \/><\/figure>\n<\/div>\n\n\n\n<div class=\"wp-block-column is-layout-flow wp-block-column-is-layout-flow\" style=\"flex-basis:66.66%\">\n<p class=\"gb-headline gb-headline-87a7a856 gb-headline-text\"><strong><strong>Andres Salazar<\/strong><\/strong>\r\nTechnicien en loisirs et en int\u00e9gration<\/p>\n\n\n\n<p><a href=\"mailto:asalazar@wicmtl.ca\"><strong>asalazar@wicmtl.ca<\/strong><\/a><\/p>\n<\/div>\n<\/div>\n<\/div>\n\n\n\n<div class=\"wp-block-column is-layout-flow wp-block-column-is-layout-flow\">\n<figure class=\"wp-block-image size-full has-custom-border\"><img loading=\"lazy\" decoding=\"async\" width=\"600\" height=\"400\" src=\"https:\/\/wicmtl.ca\/wp-content\/uploads\/2024\/09\/CV.png\" alt=\"\" class=\"wp-image-24030\" style=\"border-radius:5px\" srcset=\"https:\/\/wicmtl.ca\/wp-content\/uploads\/2024\/09\/CV.png 600w, https:\/\/wicmtl.ca\/wp-content\/uploads\/2024\/09\/CV-300x200.png 300w, https:\/\/wicmtl.ca\/wp-content\/uploads\/2024\/09\/CV-50x33.png 50w\" sizes=\"auto, (max-width: 600px) 100vw, 600px\" \/><\/figure>\n\n\n\n<h2 class=\"gb-headline gb-headline-b9e95ba9 gb-headline-text\">Accompagnement acad\u00e9mique et professionnel<\/h2>\n\n\n\n<p class=\"has-lg-font-size\"><span style=\"color: #000000; font-size: large;\">La conseill\u00e8re acad\u00e9mique et professionnelle est \u00e0 la disposition des \u00e9l\u00e8ves pour les guider, pour les aider \u00e0 choisir des cours, ainsi que pour d\u00e9couvrir et planifier leurs options postsecondaires.\u00a0 Le Coll\u00e8ge de l&#8217;Ouest de l&#8217;\u00cele offre une vari\u00e9t\u00e9 d&#8217;\u00e9v\u00e9nements annuels tels que des salons des carri\u00e8res et des \u00e9tudes postsecondaires, des ateliers et des consultations personnalis\u00e9es. Dans le cadre du programme d&#8217;\u00e9tudes, nos \u00e9l\u00e8ves seniors sont inscrits \u00e0 des cours de Contenu en orientation scolaire et professionnelle (COSP) pour les aider \u00e0 r\u00e9diger des lettres de motivation, \u00e0 explorer des options, \u00e0 comprendre les cours pr\u00e9alables et \u00e0 appliquer des strat\u00e9gies pour diverses possibilit\u00e9s d&#8217;\u00e9tudes postsecondaires. La conseill\u00e8re acad\u00e9mique fournit les conseils, les ressources et le soutien acad\u00e9mique individualis\u00e9 n\u00e9cessaires pour aider les \u00e9l\u00e8ves \u00e0 prendre des d\u00e9cisions \u00e9clair\u00e9es et \u00e0 atteindre leurs objectifs.<\/span><\/p>\n\n\n\n<div class=\"wp-block-columns is-layout-flex wp-container-core-columns-is-layout-9d6595d7 wp-block-columns-is-layout-flex\">\n<div class=\"wp-block-column is-layout-flow wp-block-column-is-layout-flow\" style=\"flex-basis:100px\">\n<figure class=\"wp-block-image size-large is-resized size-full\"><img loading=\"lazy\" decoding=\"async\" width=\"731\" height=\"1024\" src=\"https:\/\/wicmtl.ca\/wp-content\/uploads\/2024\/09\/WILLIAMS-BRENDA-731x1024.jpg\" alt=\"\" class=\"wp-image-24002\" style=\"aspect-ratio:1;object-fit:cover;width:100px\" srcset=\"https:\/\/wicmtl.ca\/wp-content\/uploads\/2024\/09\/WILLIAMS-BRENDA-731x1024.jpg 731w, https:\/\/wicmtl.ca\/wp-content\/uploads\/2024\/09\/WILLIAMS-BRENDA-214x300.jpg 214w, https:\/\/wicmtl.ca\/wp-content\/uploads\/2024\/09\/WILLIAMS-BRENDA-768x1075.jpg 768w, https:\/\/wicmtl.ca\/wp-content\/uploads\/2024\/09\/WILLIAMS-BRENDA-50x70.jpg 50w, https:\/\/wicmtl.ca\/wp-content\/uploads\/2024\/09\/WILLIAMS-BRENDA.jpg 800w\" sizes=\"auto, (max-width: 731px) 100vw, 731px\" \/><\/figure>\n<\/div>\n\n\n\n<div class=\"wp-block-column is-layout-flow wp-block-column-is-layout-flow\" style=\"flex-basis:66.66%\">\n<p class=\"gb-headline gb-headline-8bab8aa3 gb-headline-text\"><strong>Brenda Williams\r\n<\/strong>Conseill\u00e8re acad\u00e9mique et professionnelle<\/p>\n\n\n\n<p><a href=\"mailto:bwilliams@wicmtl.ca\"><strong>bwilliams@wicmtl.ca<\/strong><\/a><\/p>\n<\/div>\n<\/div>\n<\/div>\n<\/div>\n\n<\/div><\/div>\n\n<\/div>\n","protected":false},"excerpt":{"rendered":"<p>La sant\u00e9 et le bien-\u00eatre Sant\u00e9 Physique Le Coll\u00e8ge de l\u2019Ouest de l\u2019\u00cele s\u2019engage \u00e0 faire de la sant\u00e9 et du bien-\u00eatre de ses \u00e9l\u00e8ves une priorit\u00e9 absolue. Notre infirmi\u00e8re scolaire offre une \u00e9ducation, des soins et un soutien complets \u00e0 l\u2019ensemble de notre population \u00e9tudiante. En collaboration avec l\u2019\u00e9quipe de bien-\u00eatre et des partenaires &#8230; <a title=\"La sant\u00e9 et le bien-\u00eatre\" class=\"read-more\" href=\"https:\/\/wicmtl.ca\/fr\/vie-scolaire\/la-sante-et-le-bien-etre\/\" aria-label=\"En savoir plus sur La sant\u00e9 et le bien-\u00eatre\">Lire plus<\/a><\/p>\n","protected":false},"author":2,"featured_media":0,"parent":19584,"menu_order":7,"comment_status":"closed","ping_status":"closed","template":"","meta":{"_themeisle_gutenberg_block_has_review":false,"footnotes":""},"class_list":["post-19605","page","type-page","status-publish"],"_links":{"self":[{"href":"https:\/\/wicmtl.ca\/fr\/wp-json\/wp\/v2\/pages\/19605","targetHints":{"allow":["GET"]}}],"collection":[{"href":"https:\/\/wicmtl.ca\/fr\/wp-json\/wp\/v2\/pages"}],"about":[{"href":"https:\/\/wicmtl.ca\/fr\/wp-json\/wp\/v2\/types\/page"}],"author":[{"embeddable":true,"href":"https:\/\/wicmtl.ca\/fr\/wp-json\/wp\/v2\/users\/2"}],"replies":[{"embeddable":true,"href":"https:\/\/wicmtl.ca\/fr\/wp-json\/wp\/v2\/comments?post=19605"}],"version-history":[{"count":30,"href":"https:\/\/wicmtl.ca\/fr\/wp-json\/wp\/v2\/pages\/19605\/revisions"}],"predecessor-version":[{"id":26241,"href":"https:\/\/wicmtl.ca\/fr\/wp-json\/wp\/v2\/pages\/19605\/revisions\/26241"}],"up":[{"embeddable":true,"href":"https:\/\/wicmtl.ca\/fr\/wp-json\/wp\/v2\/pages\/19584"}],"wp:attachment":[{"href":"https:\/\/wicmtl.ca\/fr\/wp-json\/wp\/v2\/media?parent=19605"}],"curies":[{"name":"wp","href":"https:\/\/api.w.org\/{rel}","templated":true}]}}